{"id":2851,"date":"2025-10-20T14:00:07","date_gmt":"2025-10-20T12:00:07","guid":{"rendered":"https:\/\/schlosshotel.dev-mk.de\/pittoresk\/events\/heinz-erhardt-abend-2\/"},"modified":"2026-02-10T14:51:05","modified_gmt":"2026-02-10T13:51:05","slug":"heinz-erhardt-abend-2","status":"publish","type":"events","link":"https:\/\/schlosshotel.dev-mk.de\/pittoresk\/events\/heinz-erhardt-abend-2\/","title":{"rendered":"Heinz-Erhardt-Abend"},"content":{"rendered":"\n<div class=\"wp-block-cover alignfull is-light has-custom-content-position is-position-bottom-center dyn is-style-default\" style=\"padding-top:var(--wp--preset--spacing--medium);padding-right:var(--wp--preset--spacing--medium);padding-bottom:var(--wp--preset--spacing--medium);padding-left:var(--wp--preset--spacing--medium);min-height:50vh;aspect-ratio:unset;\"><span aria-hidden=\"true\" class=\"wp-block-cover__background has-tertiary-background-color has-background-dim\"><\/span><img loading=\"lazy\" decoding=\"async\" width=\"1920\" height=\"1074\" class=\"wp-block-cover__image-background wp-image-3118\" alt=\"heinz-erhardt-dinner\" src=\"https:\/\/schlosshotel.dev-mk.de\/pittoresk\/wp-content\/uploads\/sites\/2\/2025\/10\/heinz-erhardt-dinner.jpg\" data-object-fit=\"cover\" srcset=\"https:\/\/schlosshotel.dev-mk.de\/pittoresk\/wp-content\/uploads\/sites\/2\/2025\/10\/heinz-erhardt-dinner.jpg 1920w, https:\/\/schlosshotel.dev-mk.de\/pittoresk\/wp-content\/uploads\/sites\/2\/2025\/10\/heinz-erhardt-dinner-300x168.jpg 300w, https:\/\/schlosshotel.dev-mk.de\/pittoresk\/wp-content\/uploads\/sites\/2\/2025\/10\/heinz-erhardt-dinner-1024x573.jpg 1024w, https:\/\/schlosshotel.dev-mk.de\/pittoresk\/wp-content\/uploads\/sites\/2\/2025\/10\/heinz-erhardt-dinner-768x430.jpg 768w, https:\/\/schlosshotel.dev-mk.de\/pittoresk\/wp-content\/uploads\/sites\/2\/2025\/10\/heinz-erhardt-dinner-1536x859.jpg 1536w\" sizes=\"auto, (max-width: 1920px) 100vw, 1920px\" \/><div class=\"wp-block-cover__inner-container has-global-padding is-layout-constrained wp-container-core-cover-is-layout-8217c53c wp-block-cover-is-layout-constrained\">\n<div class=\"wp-block-boldblocks-svg-block svg-b-1 sm-svg-justify-alignment\"><div class=\"wp-block-boldblocks-svg-block__inner sm-svg-width\">\n\n\n\n<\/div><\/div>\n<\/div><\/div>\n\n\n\n<div style=\"height:96px\" aria-hidden=\"true\" class=\"wp-block-spacer\"><\/div>\n\n\n\n<div id=\"wp-container-6a9a53b051181\" class=\"wp-block-group aligncenter is-layout-flow wp-block-group-is-layout-flow gs_g5kxWN group_wrap\">\n<p class=\"has-text-align-center is-style-hasa_subheadline dyn has-primary-color has-text-color has-link-color has-large-font-size wp-elements-3ab8876e320234d730d1c0fac1742095\"  data-anim-action=\"fadeInUp\" data-anim-event=\"onScroll\" data-anim-triggered=\"false\" data-anim-from=\"opacity: 0; transform: translateY(100px);\" data-anim-to=\"opacity: 1; transform: translateY(0px);\" data-anim-id=\"anim-6a9a53b050d40\" data-anim-start=\"100%\" data-anim-reverse=\"true\">20. oder 21. Februar 2026<\/p>\n\n\n\n<h2 class=\"wp-block-heading has-text-align-center dyn has-large-font-size gs_ykJq2K\"  data-anim-action=\"fadeInUp\" data-anim-event=\"onScroll\" data-anim-triggered=\"false\" data-anim-from=\"opacity: 0; transform: translateY(100px);\" data-anim-to=\"opacity: 1; transform: translateY(0px);\" data-anim-start=\"100%\" data-anim-reverse=\"true\">Heinz-Erhardt-Abend<\/h2>\n\n\n\n<p class=\"has-text-align-center dyn\"  data-anim-action=\"fadeInUp\" data-anim-event=\"onScroll\" data-anim-triggered=\"false\" data-anim-from=\"opacity: 0; transform: translateY(100px);\" data-anim-to=\"opacity: 1; transform: translateY(0px);\" data-anim-id=\"anim-6a9a53b05111e\" data-anim-start=\"100%\" data-anim-reverse=\"true\">Andreas Neumann pr\u00e4sentiert seinen Heinz-Erhardt-Abend. Lache herzhaft \u00fcber die pointierten Zitate des gro\u00dfartigen K\u00fcnstlers Heinz Erhardt, den unvergessenen Kabarettisten der ersten Stunde.<br><\/p>\n<\/div>\n\n\n\n<div style=\"height:var(--wp--preset--spacing--small)\" aria-hidden=\"true\" class=\"wp-block-spacer\"><\/div>\n\n\n\n<div class=\"wp-block-group aligncenter is-content-justification-center is-nowrap is-layout-flex wp-container-core-group-is-layout-23441af8 wp-block-group-is-layout-flex\">\n<div class=\"wp-block-greyd-box aligncenter dyn greyd-content-box gs_18ayAw has-trigger\" onclick=\"popups.btnToggle(&quot;#popup_3410&quot;);\" tabindex=\"0\"  data-anim-action=\"fadeInUp\" data-anim-event=\"onScroll\" data-anim-triggered=\"false\" data-anim-from=\"opacity: 0; transform: translateY(100px);\" data-anim-to=\"opacity: 1; transform: translateY(0px);\" data-anim-id=\"anim-6a9a53b051747\" data-anim-start=\"100%\" data-anim-reverse=\"true\">\n<div class=\"wp-block-group is-nowrap is-layout-flex wp-container-core-group-is-layout-37505225 wp-block-group-is-layout-flex\"><figure style=\"\" class=\"wp-block-image greyd-image dyn  gs_ex7hDP\"><img loading=\"lazy\" decoding=\"async\" width=\"32\" height=\"32\" src=\"https:\/\/schlosshotel.dev-mk.de\/pittoresk\/wp-content\/uploads\/sites\/2\/2025\/09\/icon-arrow-right.svg\" class=\"wp-image-1495\" alt=\"icon-arrow-right\" \/><\/figure>\n\n\n<p class=\"dyn\">Jetzt reservieren<\/p>\n<\/div>\n<\/div>\n<\/div>\n\n\n\n<div class=\"wp-block-group aligncenter has-global-padding is-layout-constrained wp-block-group-is-layout-constrained gs_N148wp group_wrap\" style=\"margin-top:var(--wp--preset--spacing--medium);margin-bottom:var(--wp--preset--spacing--medium)\">\n<div class=\"wp-block-boldblocks-svg-block svg-b-2 sm-svg-margin-top sm-svg-margin-bottom sm-svg-justify-alignment\" style=\"--bb--margin-top--sm:var(--bb--margin-top--lg);--bb--margin-bottom--sm:var(--bb--margin-bottom--lg);--bb--margin-top--md:var(--bb--margin-top--lg);--bb--margin-bottom--md:var(--bb--margin-bottom--lg);--bb--margin-top--lg:var(--wp--preset--spacing--small);--bb--margin-bottom--lg:var(--wp--preset--spacing--tiny);--bb--justify-alignment--sm:var(--bb--justify-alignment--lg);--bb--justify-alignment--md:var(--bb--justify-alignment--lg);--bb--justify-alignment--lg:center\"  data-anim-action=\"fadeInUp\" data-anim-event=\"onScroll\" data-anim-triggered=\"false\" data-anim-from=\"opacity: 0; transform: translateY(100px);\" data-anim-to=\"opacity: 1; transform: translateY(0px);\" data-anim-id=\"anim-6a9a53b051ac0\" data-anim-start=\"100%\" data-anim-reverse=\"true\"><div class=\"wp-block-boldblocks-svg-block__inner sm-svg-width sm-svg-padding-bottom\" style=\"--bb--width--sm:var(--bb--width--lg);--bb--width--md:var(--bb--width--lg);--bb--width--lg:650px;--bb--padding-bottom--sm:var(--bb--padding-bottom--lg);--bb--padding-bottom--md:var(--bb--padding-bottom--lg);--bb--padding-bottom--lg:var(--wp--preset--spacing--small)\">\n\n\n\n<\/div><\/div>\n<\/div>\n\n\n\n<div style=\"height:var(--wp--preset--spacing--medium)\" aria-hidden=\"true\" class=\"wp-block-spacer\"><\/div>\n\n\n\n<div class=\"wp-block-columns is-layout-flex wp-container-core-columns-is-layout-28f84493 wp-block-columns-is-layout-flex\">\n<div class=\"wp-block-column col-12 col-sm-auto is-layout-flow wp-block-column-is-layout-flow\">\n<p class=\"is-style-hasa_subheadline has-primary-color has-text-color has-link-color has-large-font-size wp-elements-f7fafccaca7d5b84ad5c86d3dc0adf5c\"  data-anim-action=\"fadeInUp\" data-anim-event=\"onScroll\" data-anim-triggered=\"false\" data-anim-from=\"opacity: 0; transform: translateY(100px);\" data-anim-to=\"opacity: 1; transform: translateY(0px);\" data-anim-id=\"anim-6a9a53b051fe3\" data-anim-start=\"100%\" data-anim-reverse=\"true\">Genussvolle Momente<\/p>\n\n\n\n<h2 class=\"wp-block-heading has-large-font-size\"  data-anim-action=\"fadeInUp\" data-anim-event=\"onScroll\" data-anim-triggered=\"false\" data-anim-from=\"opacity: 0; transform: translateY(100px);\" data-anim-to=\"opacity: 1; transform: translateY(0px);\" data-anim-id=\"anim-6a9a53b052063\" data-anim-start=\"100%\" data-anim-reverse=\"true\">Abend mit Dinner<\/h2>\n\n\n\n<p  data-anim-action=\"fadeInUp\" data-anim-event=\"onScroll\" data-anim-triggered=\"false\" data-anim-from=\"opacity: 0; transform: translateY(100px);\" data-anim-to=\"opacity: 1; transform: translateY(0px);\" data-anim-id=\"anim-6a9a53b0520a5\" data-anim-start=\"100%\" data-anim-reverse=\"true\">Sinniges und Hintersinniges, Ernstes und Urkomisches \u2013 in Mimik, Gestik und vor allem stimmlich ganz dicht ans Original heranreichend, gibt der deutschlandweit bekannte Parodist die verschraubten Wortspiele und skurrilen Verse des einzigartigen Kom\u00f6dianten zum Besten. Man glaubt wirklich an eine Inkarnation des 1979 verstorbenen Wirtschaftswunderkomikers! Er macht das derart gekonnt, dass die Tochter von Heinz Erhardt, Grit Berthold, anerkennend bemerkte:,, Als ich Andreas Neumann h\u00f6rte, meinte ich, mein Vater lebt wieder.\u201c<\/p>\n\n\n\n<p class=\"gs_F7m8hJ\"  data-anim-action=\"fadeInUp\" data-anim-event=\"onScroll\" data-anim-triggered=\"false\" data-anim-from=\"opacity: 0; transform: translateY(100px);\" data-anim-to=\"opacity: 1; transform: translateY(0px);\" data-anim-start=\"100%\" data-anim-reverse=\"true\">Dazu servieren wir erlesene K\u00f6stlichkeiten \u2013 eine beeindruckende Zeitreise, die du so schnell nicht vergessen wirst! (Beschreibung des Veranstalters)<\/p>\n\n\n\n<p class=\"gs_R5h9ty\"  data-anim-action=\"fadeInUp\" data-anim-event=\"onScroll\" data-anim-triggered=\"false\" data-anim-from=\"opacity: 0; transform: translateY(100px);\" data-anim-to=\"opacity: 1; transform: translateY(0px);\" data-anim-start=\"100%\" data-anim-reverse=\"true\"><strong>20. Februar<\/strong> <strong>Einlass 18.00 Uhr \u2013 Beginn 18.30 Uhr<\/strong><br><strong>21. Februar Einlass 18.00 Uhr \u2013 Beginn 18.30 Uhr<\/strong><\/p>\n\n\n<figure style=\"\" class=\"wp-block-image greyd-image   gs_WfJHl4\"  data-anim-action=\"fadeInUp\" data-anim-event=\"onScroll\" data-anim-triggered=\"false\" data-anim-from=\"opacity: 0; transform: translateY(100px);\" data-anim-to=\"opacity: 1; transform: translateY(0px);\" data-anim-start=\"100%\" data-anim-reverse=\"true\"><img loading=\"lazy\" decoding=\"async\" width=\"580\" height=\"608\" src=\"https:\/\/schlosshotel.dev-mk.de\/pittoresk\/wp-content\/uploads\/sites\/2\/2025\/10\/Anmerkung-2019-11-05-110026.png\" class=\"wp-image-3114\" alt=\"Anmerkung-2019-11-05-110026\" srcset=\"https:\/\/schlosshotel.dev-mk.de\/pittoresk\/wp-content\/uploads\/sites\/2\/2025\/10\/Anmerkung-2019-11-05-110026.png 580w, https:\/\/schlosshotel.dev-mk.de\/pittoresk\/wp-content\/uploads\/sites\/2\/2025\/10\/Anmerkung-2019-11-05-110026-286x300.png 286w\" sizes=\"auto, (max-width: 580px) 100vw, 580px\" \/><\/figure>\n\n<div  class=\"spacer_wrap \" aria-hidden=\"true\"><div class=\"wp-block-spacer inner-sm\" style=\"height:var(--wp--preset--spacing--medium, 1rem)\" aria-hidden=\"true\"><\/div><div class=\"wp-block-spacer inner-md inner-lg inner-xl\" style=\"height:0\" aria-hidden=\"true\"><\/div><\/div><\/div>\n\n\n\n<div class=\"wp-block-column col-12 col-sm-auto offset-lg-1 is-layout-flow wp-block-column-is-layout-flow\">\n<div id=\"greyd-6a9a53b052c9c\" class=\"wp-block-greyd-box gs_BiKCTd greyd-content-box gs_BiKCTd  is-position-sticky\">\n<div id=\"greyd-6a9a53b052c43\" class=\"wp-block-greyd-box alignright gs_ON8YhU greyd-content-box gs_ON8YhU\">\n<div class=\"wp-block-group has-lightest-color has-mediumdark-background-color has-text-color has-background has-link-color wp-elements-4c0f6e8d556166ad6c9dc5075a2536ee has-global-padding is-layout-constrained wp-container-core-group-is-layout-7db9d80f wp-block-group-is-layout-constrained gs_dwBgkN group_wrap\" style=\"padding-right:0;padding-left:0\"  data-anim-action=\"fadeInUp\" data-anim-event=\"onScroll\" data-anim-triggered=\"false\" data-anim-from=\"opacity: 0; transform: translateY(100px);\" data-anim-to=\"opacity: 1; transform: translateY(0px);\" data-anim-start=\"100%\" data-anim-reverse=\"true\">\n<h4 class=\"wp-block-heading has-medium-font-size\">Preise<\/h4>\n\n\n\n<p class=\"has-primary-color has-text-color has-link-color has-small-font-size wp-elements-8222fc0f91074cc3cc3874c58c848545 gs_iTPlg6\">Tickets im Hotel oder \u00fcber reservix erh\u00e4ltlich<\/p>\n\n\n\n<p><strong>89,00 \u20ac pro Person<\/strong><br>inklusive Show, 3-Gang-Men\u00fc und Empfang mit Aperitif<\/p>\n\n\n\n<div style=\"height:var(--wp--preset--spacing--tiny)\" aria-hidden=\"true\" class=\"wp-block-spacer\"><\/div>\n\n\n\n<div class=\"wp-block-greyd-buttons\">\n<a role=\"button\" tabindex=\"0\" onclick=\"popups.btnToggle(&quot;#popup_3410&quot;);\" class=\"button  gs_kov9VU \">Jetzt reservieren<\/a>\n<\/div>\n\n\n\n<div class=\"wp-block-greyd-tabs  gs_xW67RZ is-style-prim\" data-transition=\"\"><div class=\"tabs\" role=\"tablist\"><button  class=\"greyd_tab is-active button is-style-prim\" aria-selected=\"true\" type=\"button\" role=\"tab\" aria-controls=\"tabpanel_6xwj\" id=\"tab_6xwj\">\n\t\t\t\n\t\t\t<span>Men\u00fc<\/span>\n\t\t\t<span  class=\"icon icon-normal \" aria-hidden=\"true\"><\/span>\n\t\t<span  class=\"icon icon-active \" aria-hidden=\"true\"><\/span>\n\t\t<\/button><button  class=\"greyd_tab  button is-style-prim\" aria-selected=\"false\" type=\"button\" role=\"tab\" aria-controls=\"tabpanel_b1r2\" id=\"tab_b1r2\" tabindex=\"-1\">\n\t\t\t\n\t\t\t<span>Vegetarisches Men\u00fc<\/span>\n\t\t\t<span  class=\"icon icon-normal \" aria-hidden=\"true\"><\/span>\n\t\t<span  class=\"icon icon-active \" aria-hidden=\"true\"><\/span>\n\t\t<\/button><\/div><div class=\"panels\">\n<div id=\"tabpanel_6xwj\" class=\"panel\" role=\"tabpanel\" aria-labelledby=\"tab_6xwj\" tabindex=\"0\">\n<p class=\"has-text-align-center has-secondary-background-color has-background\">Cr\u00eapes gef\u00fcllt mit R\u00e4ucherlachs und Forellenfilet an Blattsalat mit Honig-Senf-Dip<br>***<br>Maish\u00e4hnchenbrust, gef\u00fcllt mit Feta und Serranoschinken dazu Rahmchampignons, Mandelbrokkoli und Dauphinkartoffeln<br>***<br>Schokoladenmousse mit gebranntem Mandel-Eis und Vanilleso\u00dfe<\/p>\n<\/div>\n\n\n\n<div id=\"tabpanel_b1r2\" class=\"panel\" role=\"tabpanel\" aria-labelledby=\"tab_b1r2\" tabindex=\"0\">\n<p class=\"has-text-align-center has-secondary-background-color has-background\">Cr\u00eapes gef\u00fcllt mit getrockneten Tomaten und Kresse-Mayonnaise an Blattsalat mit Honig-Senf-Dip<br>***<br>Herzhafte vegetarisches Gem\u00fcse-K\u00f6ttbullar mit Rahmchampignons, Mandelbrokkoli und Dauphinkartoffeln<br>***<br>Schokoladenmousse mit gebranntem Mandel-Eis und Vanilleso\u00dfe<\/p>\n<\/div>\n<\/div><\/div>\n<\/div>\n<\/div>\n<\/div>\n<\/div>\n<\/div>\n","protected":false},"author":2,"featured_media":0,"template":"","meta":{"greyd_block_editor_preview":[]},"events_category":[10],"class_list":["post-2851","events","type-events","status-publish","hentry","events_category-veranstaltungen"],"publishpress_future_workflow_manual_trigger":{"enabledWorkflows":[]},"_links":{"self":[{"href":"https:\/\/schlosshotel.dev-mk.de\/pittoresk\/wp-json\/wp\/v2\/events\/2851","targetHints":{"allow":["GET"]}}],"collection":[{"href":"https:\/\/schlosshotel.dev-mk.de\/pittoresk\/wp-json\/wp\/v2\/events"}],"about":[{"href":"https:\/\/schlosshotel.dev-mk.de\/pittoresk\/wp-json\/wp\/v2\/types\/events"}],"author":[{"embeddable":true,"href":"https:\/\/schlosshotel.dev-mk.de\/pittoresk\/wp-json\/wp\/v2\/users\/2"}],"wp:attachment":[{"href":"https:\/\/schlosshotel.dev-mk.de\/pittoresk\/wp-json\/wp\/v2\/media?parent=2851"}],"wp:term":[{"taxonomy":"events_category","embeddable":true,"href":"https:\/\/schlosshotel.dev-mk.de\/pittoresk\/wp-json\/wp\/v2\/events_category?post=2851"}],"curies":[{"name":"wp","href":"https:\/\/api.w.org\/{rel}","templated":true}]}}